{"id":7890,"date":"2019-08-07T00:12:40","date_gmt":"2019-08-06T22:12:40","guid":{"rendered":"http:\/\/www.archive.splatfilmfest.com\/?page_id=7890"},"modified":"2019-10-29T00:26:38","modified_gmt":"2019-10-28T23:26:38","slug":"o-programie-2019","status":"publish","type":"page","link":"https:\/\/www.archive.splatfilmfest.com\/index.php\/o-programie-2019\/","title":{"rendered":"O PROGRAMIE"},"content":{"rendered":"<p>[vc_row][vc_column][\/vc_column][\/vc_row][vc_row][vc_column][film_discover style_discover=&#8221;3&#8243; image=&#8221;7895&#8243;]<\/p>\r\n<p><span style=\"color: #000000;\">PROGRAM FESTIWALU W ZAK\u0141ADCE:<\/span> <span style=\"color: #800080;\"><a style=\"color: #800080;\" href=\"http:\/\/www.archive.splatfilmfest.com\/index.php\/program2018\/\" target=\"_blank\" rel=\"noopener noreferrer\">PROGRAM<\/a><\/span><\/p>\r\n<p><span style=\"color: #000000;\">KATALOG FESTIWALU:<\/span> <span style=\"color: #800080;\"><a style=\"color: #800080;\" href=\"http:\/\/www.archive.splatfilmfest.com\/wp-content\/uploads\/2018\/10\/Katalog-SplatFilmFest-2018.pdf\" target=\"_blank\" rel=\"noopener noreferrer\">TUTAJ<\/a><\/span><\/p>\r\n<p><span style=\"color: #000000;\">HARMONOGRAM: <span style=\"color: #800080;\"><a style=\"color: #800080;\" href=\"http:\/\/www.archive.splatfilmfest.com\/index.php\/program-lublin\/\" target=\"_blank\" rel=\"noopener noreferrer\">LUBLIN<\/a><\/span><\/span><\/p>\r\n<p><span style=\"color: #000000;\">HARMONOGRAM: <span style=\"color: #800080;\"><a style=\"color: #800080;\" href=\"http:\/\/www.archive.splatfilmfest.com\/index.php\/program-warszawa\/\" target=\"_blank\" rel=\"noopener noreferrer\">WARSZAWA<\/a><\/span><\/span><\/p>\r\n<p>&nbsp;<\/p>\r\n<h2><span style=\"color: #000000;\">Z przyjemno\u015bci\u0105 informujemy, \u017ce w 2018 roku 4.\u00a0 edycja Splat!FilmFest \u2013 najbardziej niepokornego festiwalu filmowego w Polsce, budzi emocje i przyprawia o szybsze bicie serca w <strong>Centrum Kultury w Lublinie<\/strong> <strong>( 26 listopada \u2013 2 grudnia)<\/strong> i pierwszy raz w kultowej <strong>warszawskiej Kinotece<\/strong> <strong>(5 \u2013 9 grudnia)<\/strong>.<br \/><\/span><\/h2>\r\n<h2><span style=\"color: #000000;\"><strong>Program jak zwykle podzielony jest na bloki.<\/strong><\/span><br \/><span style=\"color: #000000;\">Blok <strong>STRACH i TERROR<\/strong> serwuje najbardziej przera\u017caj\u0105ce i brutalne tytu\u0142y m.in. feministyczny \u201eWiatr\u201d, b\u0119d\u0105cy hybryd\u0105 westernu i horroru, \u201eDachra\u201d niezwykle niepokoj\u0105cy i mroczny tunezyjski film nawi\u0105zuj\u0105cy do grozy ludowej i legend o wied\u017amach, \u201eW\u0142adcy chaosu\u201d ekstremalna historia norweskiego blackmetalowego zespo\u0142u Mayhem, \u201eN\u00f3\u017c + serce\u201d, w kt\u00f3rym Vanessa Paradise wciela si\u0119 producentk\u0119 gejowskiego porno, czy \u201eG\u0142owica\u201d, klaustrofobiczne do\u015bwiadczenie pe\u0142ne alegorii dotycz\u0105cych migracji i kapitalizmu.<\/span><\/h2>\r\n<h2><span style=\"color: #000000;\">Blok <strong>WTF<\/strong> to tytu\u0142y wyj\u0105tkowo osobliwe, w tym \u201eMam ci\u0119 na oku\u201d Quentina Dupieux&#8217;a, najnowszy film re\u017cysera \u201eMorderczej opony\u201d i inteligentna, czarna komedia utrzymana w duchu kina francuskiego i teatralnej estetyce. Lub dosy\u0107 absurdalny \u201eRelaxer\u201d, w kt\u00f3rym bohater zamienia swoje wymarzone \u017cycie kanapowego gracza w koszmar.<\/span><\/h2>\r\n<h2><span style=\"color: #000000;\">Na Splat!FilmFest nie mo\u017ce zabrakn\u0105\u0107 te\u017c komedii w cyklu <strong>STRASZNIE \u015aMIESZNIE, jak<\/strong> krwawa \u201eBiurowa rebelia\u201d o nieprzyjaznym korporacyjnym \u015brodowisku pracy, czy \u201eZab\u00f3jczy B\u00f3g\u201d w i\u015bcie hiszpa\u0144skim stylu albo dwie cz\u0119\u015bci thrillera \u201eBest F(r)iends\u201d z duetem Tommy Wiseau i Gregiem Sestero w rolach g\u0142\u00f3wnych. To film jeszcze bardziej niezwyk\u0142y ni\u017c ich s\u0142ynne \u201eThe Room\u201d.<\/span><\/h2>\r\n<h2><span style=\"color: #000000;\">Tegoroczna sekcja specjalna to <strong>TROMA!<\/strong> S\u0105 w niej oczywi\u015bcie produkcje niskobud\u017cetowej, ameryka\u0144skiej wytw\u00f3rni, kt\u00f3ra ju\u017c od ponad czterdziestu lat wprawia w os\u0142upienie, obrzydza i kpi z wszelkich mo\u017cliwych \u015bwi\u0119to\u015bci, a przy tym ca\u0142kiem dobrze si\u0119 bawi. <strong>TROMA<\/strong> ma na sumieniu kino bardzo z\u0142e i ociekaj\u0105ce kiczem ale mimo tego, lub raczej, dzi\u0119ki temu, jest jedn\u0105 z najbardziej kultowych wytw\u00f3rni na \u015bwiecie i posiada rzesz\u0119 zagorza\u0142ych fan\u00f3w (w tym Quentina Tarantino). <\/span><br \/><strong><span style=\"color: #000000;\">LLOYD KAUFMAN, re\u017cyser i wsp\u00f3\u0142za\u0142o\u017cyciel TROMY b\u0119dzie go\u015bciem specjalnym Splat!FilmFest podczas pierwszej wizyty w Polsce!<\/span><\/strong><\/h2>\r\n<h2><span style=\"color: #000000;\">Kino kultowe i arcydzie\u0142a \u015bwiatowego kina grozy to sekcja <strong>KULTOWE<\/strong>, w kt\u00f3rej zaprezentowane b\u0119d\u0105 bezwzgl\u0119dnie najlepsze horrory wszech czas\u00f3w, m.in. \u201eSuspiria\u201d Dario Argento pierwszy raz w Polsce w wersji odnowionej do 4K. Natomiast pierwsze z serii \u201eHalloween\u201d, kt\u00f3re w tym roku obchodzi swoje 40-lecie przeczyta na \u017cywo lektor Maciej Gudowski.<\/span><\/h2>\r\n<h2><span style=\"color: #000000;\">Strasznie zapraszamy na Splat!FilmFest \u2013 dobr\u0105 rozrywk\u0119 i wielkie kino. <\/span><\/h2>\r\n<h2><span style=\"color: #000000;\">Z dum\u0105 informujemy, \u017ce Wydarzenie zosta\u0142o obj\u0119te Honorowym Patronatem Prezydenta Miasta Lublin i lubelska edycja festiwalu jest realizowana dzi\u0119ki wsparciu Miasta Lublin.<\/span><\/h2>\r\n<p>[\/film_discover][\/vc_column][\/vc_row]<\/p>","protected":false},"excerpt":{"rendered":"<p>[vc_row][vc_column][\/vc_column][\/vc_row][vc_row][vc_column][film_discover style_discover=&#8221;3&#8243; image=&#8221;7895&#8243;] PROGRAM FESTIWALU W ZAK\u0141ADCE: PROGRAM KATALOG FESTIWALU: TUTAJ HARMONOGRAM: LUBLIN HARMONOGRAM: WARSZAWA &nbsp; Z przyjemno\u015bci\u0105 informujemy, \u017ce w 2018 roku 4.\u00a0 edycja Splat!FilmFest \u2013 najbardziej niepokornego festiwalu filmowego w Polsce, budzi emocje i przyprawia o szybsze bicie serca w Centrum Kultury w Lublinie ( 26 listopada \u2013 2 grudnia) i pierwszy raz w kultowej warszawskiej Kinotece (5 \u2013 9 grudnia). Program jak zwykle podzielony jest na bloki.Blok STRACH i TERROR serwuje najbardziej przera\u017caj\u0105ce i brutalne tytu\u0142y m.in. feministyczny \u201eWiatr\u201d, b\u0119d\u0105cy hybryd\u0105 westernu i horroru, \u201eDachra\u201d niezwykle niepokoj\u0105cy i mroczny tunezyjski film nawi\u0105zuj\u0105cy do grozy ludowej i legend o wied\u017amach, \u201eW\u0142adcy chaosu\u201d ekstremalna historia norweskiego blackmetalowego zespo\u0142u Mayhem, [&hellip;]<\/p>\n","protected":false},"author":1,"featured_media":0,"parent":0,"menu_order":0,"comment_status":"closed","ping_status":"closed","template":"","meta":[],"yoast_head":"<!-- This site is optimized with the Yoast SEO plugin v15.2.1 - https:\/\/yoast.com\/wordpress\/plugins\/seo\/ -->\n<title>O PROGRAMIE - Splat!FilmFest<\/title>\n<meta name=\"robots\" content=\"index, follow, max-snippet:-1, max-image-preview:large, max-video-preview:-1\" \/>\n<link rel=\"canonical\" href=\"https:\/\/www.archive.splatfilmfest.com\/index.php\/o-programie-2019\/\" \/>\n<meta property=\"og:locale\" content=\"pl_PL\" \/>\n<meta property=\"og:type\" content=\"article\" \/>\n<meta property=\"og:title\" content=\"O PROGRAMIE - Splat!FilmFest\" \/>\n<meta property=\"og:description\" content=\"[vc_row][vc_column][\/vc_column][\/vc_row][vc_row][vc_column][film_discover style_discover=&#8221;3&#8243; image=&#8221;7895&#8243;] PROGRAM FESTIWALU W ZAK\u0141ADCE: PROGRAM KATALOG FESTIWALU: TUTAJ HARMONOGRAM: LUBLIN HARMONOGRAM: WARSZAWA &nbsp; Z przyjemno\u015bci\u0105 informujemy, \u017ce w 2018 roku 4.\u00a0 edycja Splat!FilmFest \u2013 najbardziej niepokornego festiwalu filmowego w Polsce, budzi emocje i przyprawia o szybsze bicie serca w Centrum Kultury w Lublinie ( 26 listopada \u2013 2 grudnia) i pierwszy raz w kultowej warszawskiej Kinotece (5 \u2013 9 grudnia). Program jak zwykle podzielony jest na bloki.Blok STRACH i TERROR serwuje najbardziej przera\u017caj\u0105ce i brutalne tytu\u0142y m.in. feministyczny \u201eWiatr\u201d, b\u0119d\u0105cy hybryd\u0105 westernu i horroru, \u201eDachra\u201d niezwykle niepokoj\u0105cy i mroczny tunezyjski film nawi\u0105zuj\u0105cy do grozy ludowej i legend o wied\u017amach, \u201eW\u0142adcy chaosu\u201d ekstremalna historia norweskiego blackmetalowego zespo\u0142u Mayhem, [&hellip;]\" \/>\n<meta property=\"og:url\" content=\"https:\/\/www.archive.splatfilmfest.com\/index.php\/o-programie-2019\/\" \/>\n<meta property=\"og:site_name\" content=\"Splat!FilmFest\" \/>\n<meta property=\"article:publisher\" content=\"https:\/\/www.facebook.com\/splatfilmfest\" \/>\n<meta property=\"article:modified_time\" content=\"2019-10-28T23:26:38+00:00\" \/>\n<meta name=\"twitter:card\" content=\"summary_large_image\" \/>\n<meta name=\"twitter:creator\" content=\"@SplatFilmFest\" \/>\n<meta name=\"twitter:site\" content=\"@SplatFilmFest\" \/>\n<meta name=\"twitter:label1\" content=\"Written by\">\n\t<meta name=\"twitter:data1\" content=\"admin\">\n\t<meta name=\"twitter:label2\" content=\"Est. reading time\">\n\t<meta name=\"twitter:data2\" content=\"4 minuty\">\n<script type=\"application\/ld+json\" class=\"yoast-schema-graph\">{\"@context\":\"https:\/\/schema.org\",\"@graph\":[{\"@type\":\"WebSite\",\"@id\":\"https:\/\/www.archive.splatfilmfest.com\/#website\",\"url\":\"https:\/\/www.archive.splatfilmfest.com\/\",\"name\":\"Splat!FilmFest\",\"description\":\"\",\"potentialAction\":[{\"@type\":\"SearchAction\",\"target\":\"https:\/\/www.archive.splatfilmfest.com\/?s={search_term_string}\",\"query-input\":\"required name=search_term_string\"}],\"inLanguage\":\"pl-PL\"},{\"@type\":\"WebPage\",\"@id\":\"https:\/\/www.archive.splatfilmfest.com\/index.php\/o-programie-2019\/#webpage\",\"url\":\"https:\/\/www.archive.splatfilmfest.com\/index.php\/o-programie-2019\/\",\"name\":\"O PROGRAMIE - Splat!FilmFest\",\"isPartOf\":{\"@id\":\"https:\/\/www.archive.splatfilmfest.com\/#website\"},\"datePublished\":\"2019-08-06T22:12:40+00:00\",\"dateModified\":\"2019-10-28T23:26:38+00:00\",\"inLanguage\":\"pl-PL\",\"potentialAction\":[{\"@type\":\"ReadAction\",\"target\":[\"https:\/\/www.archive.splatfilmfest.com\/index.php\/o-programie-2019\/\"]}]}]}<\/script>\n<!-- \/ Yoast SEO plugin. -->","_links":{"self":[{"href":"https:\/\/www.archive.splatfilmfest.com\/index.php\/wp-json\/wp\/v2\/pages\/7890"}],"collection":[{"href":"https:\/\/www.archive.splatfilmfest.com\/index.php\/wp-json\/wp\/v2\/pages"}],"about":[{"href":"https:\/\/www.archive.splatfilmfest.com\/index.php\/wp-json\/wp\/v2\/types\/page"}],"author":[{"embeddable":true,"href":"https:\/\/www.archive.splatfilmfest.com\/index.php\/wp-json\/wp\/v2\/users\/1"}],"replies":[{"embeddable":true,"href":"https:\/\/www.archive.splatfilmfest.com\/index.php\/wp-json\/wp\/v2\/comments?post=7890"}],"version-history":[{"count":4,"href":"https:\/\/www.archive.splatfilmfest.com\/index.php\/wp-json\/wp\/v2\/pages\/7890\/revisions"}],"predecessor-version":[{"id":8294,"href":"https:\/\/www.archive.splatfilmfest.com\/index.php\/wp-json\/wp\/v2\/pages\/7890\/revisions\/8294"}],"wp:attachment":[{"href":"https:\/\/www.archive.splatfilmfest.com\/index.php\/wp-json\/wp\/v2\/media?parent=7890"}],"curies":[{"name":"wp","href":"https:\/\/api.w.org\/{rel}","templated":true}]}}