{"version":"1.0","provider_name":"Splat!FilmFest","provider_url":"https:\/\/www.archive.splatfilmfest.com","title":"STEFAN DARDA - Splat!FilmFest","type":"rich","width":600,"height":338,"html":"<blockquote class=\"wp-embedded-content\"><a href=\"https:\/\/www.archive.splatfilmfest.com\/index.php\/film\/spotkanie-ze-stefanem-darda\/\">STEFAN DARDA<\/a><\/blockquote>\n<script type='text\/javascript'>\n<!--\/\/--><![CDATA[\/\/><!--\n\t\t\/*! This file is auto-generated *\/\n\t\t!function(d,l){\"use strict\";var e=!1,o=!1;if(l.querySelector)if(d.addEventListener)e=!0;if(d.wp=d.wp||{},!d.wp.receiveEmbedMessage)if(d.wp.receiveEmbedMessage=function(e){var t=e.data;if(t)if(t.secret||t.message||t.value)if(!\/[^a-zA-Z0-9]\/.test(t.secret)){var r,a,i,s,n,o=l.querySelectorAll('iframe[data-secret=\"'+t.secret+'\"]'),c=l.querySelectorAll('blockquote[data-secret=\"'+t.secret+'\"]');for(r=0;r<c.length;r++)c[r].style.display=\"none\";for(r=0;r<o.length;r++)if(a=o[r],e.source===a.contentWindow){if(a.removeAttribute(\"style\"),\"height\"===t.message){if(1e3<(i=parseInt(t.value,10)))i=1e3;else if(~~i<200)i=200;a.height=i}if(\"link\"===t.message)if(s=l.createElement(\"a\"),n=l.createElement(\"a\"),s.href=a.getAttribute(\"src\"),n.href=t.value,n.host===s.host)if(l.activeElement===a)d.top.location.href=t.value}}},e)d.addEventListener(\"message\",d.wp.receiveEmbedMessage,!1),l.addEventListener(\"DOMContentLoaded\",t,!1),d.addEventListener(\"load\",t,!1);function t(){if(!o){o=!0;var e,t,r,a,i=-1!==navigator.appVersion.indexOf(\"MSIE 10\"),s=!!navigator.userAgent.match(\/Trident.*rv:11\\.\/),n=l.querySelectorAll(\"iframe.wp-embedded-content\");for(t=0;t<n.length;t++){if(!(r=n[t]).getAttribute(\"data-secret\"))a=Math.random().toString(36).substr(2,10),r.src+=\"#?secret=\"+a,r.setAttribute(\"data-secret\",a);if(i||s)(e=r.cloneNode(!0)).removeAttribute(\"security\"),r.parentNode.replaceChild(e,r)}}}}(window,document);\n\/\/--><!]]>\n<\/script><iframe sandbox=\"allow-scripts\" security=\"restricted\" src=\"https:\/\/www.archive.splatfilmfest.com\/index.php\/film\/spotkanie-ze-stefanem-darda\/embed\/\" width=\"600\" height=\"338\" title=\"&#8222;STEFAN DARDA&#8221; &#8212; Splat!FilmFest\" frameborder=\"0\" marginwidth=\"0\" marginheight=\"0\" scrolling=\"no\" class=\"wp-embedded-content\"><\/iframe>","thumbnail_url":"https:\/\/www.archive.splatfilmfest.com\/wp-content\/uploads\/2017\/08\/Foto-S.D..jpg","thumbnail_width":768,"thumbnail_height":960,"description":"21.09 (czwartek) \/ godz. 16:00 \/ WST\u0118P WOLNY Miejsce spotkania: Miejska Biblioteka Publiczna &#8211; Filia nr 2 (w Centrum Kultury w Lublinie) Splat!FilmFest i Filia nr 2 Miejskiej Biblioteki Publicznej zapraszaj\u0105 na spotkanie autorskie polskim mistrzem horroru Stefanem Dard\u0105, autorem takich powie\u015bci, jak \u201eDom na Wyr\u0119bach\u201d, \u201eCzarny Wygon\u201d, czy \u201eZabij mnie tato\u201d oraz najnowszej powie\u015bci grozy \u201eNowy dom na Wyr\u0119bach\u201d. Spotkanie b\u0119dzie promocj\u0105 ca\u0142ej tw\u00f3rczo\u015bci autora. Stefan Darda urodzi\u0142 si\u0119 2 wrze\u015bnia 1972 r. w Tomaszowie Lubelskim, na Roztoczu. Uko\u0144czy\u0142 szko\u0142\u0119 muzyczn\u0105 i tomaszowskie liceum im. Bartosza G\u0142owackiego, nast\u0119pnie studiowa\u0142 na Uniwersytecie Marii Curie-Sk\u0142odowskiej w Lublinie. Wtedy to rozpocz\u0119\u0142a si\u0119 jego przygoda z muzyk\u0105 folkow\u0105. Zosta\u0142 cz\u0142onkiem znanego zespo\u0142u &#8220;Orkiestra [&hellip;]"}